{"id":3642,"date":"2025-07-09T13:42:54","date_gmt":"2025-07-09T11:42:54","guid":{"rendered":"https:\/\/inastudio.pl\/?page_id=3642"},"modified":"2025-10-14T16:24:24","modified_gmt":"2025-10-14T14:24:24","slug":"massgefertigte-mobel","status":"publish","type":"page","link":"https:\/\/inastudio.pl\/de\/massgefertigte-mobel\/","title":{"rendered":"Ma\u00dfgefertigte M\u00f6bel"},"content":{"rendered":"<div id=\"block_21589e8c3ecac3f6d4faf18ec23feca4\" class=\"b-info-box-2 alignfull l-block\">\n  \n  \n    <section class=\"b-info-box-2__content\">\n        <div class=\"container\">\n            <div class=\"b-info-box-2__title-area\">\n                <div class=\"row align-items-lg-end\">\n                    <div class=\"col-lg-6\">\n                        <div class=\"b-info-box-2__titles\">\n                                                            <div class=\"b-info-box-2__subtitle\">\n                                    <h6 class=\"wow fadeInUp\">Planung, Ausf\u00fchrung, Montage<\/h6>\n                                <\/div>\n                                                                                        <div class=\"b-info-box-2__title\">\n                                    <h2 class=\"wow\">Einzigartige ma\u00dfgeschneiderte M\u00f6bel<\/h2>\n                                <\/div>\n                                                    <\/div>\n                    <\/div>\n                                            <div class=\"col-lg-6\">\n                            <div class=\"b-info-box-2__text wow fadeInUp\" data-wow-delay=\".5s\"><p>Wir entwerfen, fertigen und montieren ma\u00dfgefertigte M\u00f6bel \u2013 K\u00fcchen, Schr\u00e4nke und begehbare Kleiderschr\u00e4nke. Vollst\u00e4ndige Personalisierung, eigene Schreinerei und schnelle Montage!<\/p>\n<\/div>\n                        <\/div>\n                                    <\/div>\n            <\/div>\n            <div class=\"b-info-box-2__wrapper  b-info-box-2__wrapper--line-cta\">\n                <div class=\"row g-0 align-items-center\">\n                                                                        <div class=\"b-info-box-2__cta-box\">\n                                <div class=\"col-lg-5 position-relative\">\n                                    <style>.lazy-loader-background-element-1.lazyloaded{ background-image: url('https:\/\/inastudio.pl\/wp-content\/uploads\/2025\/07\/meble-na-wymiar-1.webp'); }<\/style><noscript><style>.lazy-loader-background-element-1.lazyload{ background-image: url('https:\/\/inastudio.pl\/wp-content\/uploads\/2025\/07\/meble-na-wymiar-1.webp'); }<\/style><\/noscript><div class=\"b-info-box-2__image bg-cover lazyload lazy-loader-background-element-1 \" style=\" height: 554px;\"><\/div>\n                                <\/div>\n                                <div class=\"col-lg-7\">\n                                                                                                                        <style>.lazy-loader-background-element-2.lazyloaded{ background: linear-gradient(rgba(5, 176, 249, 0.8), rgba(5, 176, 249, 0.8)), url('https:\/\/inastudio.pl\/wp-content\/uploads\/2025\/03\/inastudio_man_12a-2-01.webp'); background-size: cover; }<\/style><noscript><style>.lazy-loader-background-element-2.lazyload{ background: linear-gradient(rgba(5, 176, 249, 0.8), rgba(5, 176, 249, 0.8)), url('https:\/\/inastudio.pl\/wp-content\/uploads\/2025\/03\/inastudio_man_12a-2-01.webp'); background-size: cover; }<\/style><\/noscript><div class=\"b-info-box-2-cta lazyload lazy-loader-background-element-2 \" style>\n                                                                                                    <div class=\"b-info-box-2-cta__contact-wrapper\">\n                                                                                                                                                                                    <div class=\"b-info-box-2-cta__contact\">\n                                                                                                                                            <div class=\"b-info-box-2-cta__avatar\">\n                                                                            <noscript><img decoding=\"async\" src=\"https:\/\/inastudio.pl\/wp-content\/uploads\/2025\/03\/Group-1000008653.webp\" alt><\/noscript><img decoding=\"async\" src=\"data:image\/gif;base64,R0lGODlhAQABAIAAAAAAAP\/\/\/yH5BAEAAAAALAAAAAABAAEAAAIBRAA7\" alt data-src=\"https:\/\/inastudio.pl\/wp-content\/uploads\/2025\/03\/Group-1000008653.webp\" class=\" lazyload\">\n                                                                        <\/div>\n                                                                                                                                        <div class=\"b-info-box-2-cta__contact-info\">\n                                                                                                                                                    <div class=\"b-info-box-2-cta__name\">\n                                                                                <p>Jacek Buczma<\/p>\n                                                                            <\/div>\n                                                                                                                                                                                                                            <div class=\"b-info-box-2-cta__phone\">\n                                                                                <a href=\"http:\/\/+48690997880\">+48 690 997 880<\/a>\n                                                                            <\/div>\n                                                                                                                                            <\/div>\n                                                                <\/div>\n                                                                                                                                                                                                                                                <div class=\"b-info-box-2-cta__contact\">\n                                                                                                                                            <div class=\"b-info-box-2-cta__avatar\">\n                                                                            <noscript><img decoding=\"async\" src=\"https:\/\/inastudio.pl\/wp-content\/uploads\/2025\/03\/Group-1000008653.webp\" alt><\/noscript><img decoding=\"async\" src=\"data:image\/gif;base64,R0lGODlhAQABAIAAAAAAAP\/\/\/yH5BAEAAAAALAAAAAABAAEAAAIBRAA7\" alt data-src=\"https:\/\/inastudio.pl\/wp-content\/uploads\/2025\/03\/Group-1000008653.webp\" class=\" lazyload\">\n                                                                        <\/div>\n                                                                                                                                        <div class=\"b-info-box-2-cta__contact-info\">\n                                                                                                                                                    <div class=\"b-info-box-2-cta__name\">\n                                                                                <p>Damian Wojtkowiak<\/p>\n                                                                            <\/div>\n                                                                                                                                                                                                                            <div class=\"b-info-box-2-cta__phone\">\n                                                                                <a href=\"http:\/\/+48883997880\">+48 883 997 880<\/a>\n                                                                            <\/div>\n                                                                                                                                            <\/div>\n                                                                <\/div>\n                                                                                                                                                                            <div class=\"b-info-box-2-cta__titles\">\n                                                                                                                            <div class=\"b-info-box-2-cta__subtitle\">\n                                                                    <p>Kostenlose Beratung<\/p>\n                                                                <\/div>\n                                                                                                                                                                                        <div class=\"b-info-box-2-cta__title\">\n                                                                    <h3>Ruf uns an<\/h3>  \n                                                                <\/div>\n                                                                                                                    <\/div>\n                                                    <\/div>\n                                                                                                            <div class=\"b-info-box-2-cta__image-person\">\n                                                            <noscript><img decoding=\"async\" src=\"https:\/\/inastudio.pl\/wp-content\/uploads\/2025\/03\/inastudio_man_12a-3.webp\" alt class=\"img-fluid\"><\/noscript><img decoding=\"async\" src=\"data:image\/gif;base64,R0lGODlhAQABAIAAAAAAAP\/\/\/yH5BAEAAAAALAAAAAABAAEAAAIBRAA7\" alt class=\"img-fluid lazyload\" data-src=\"https:\/\/inastudio.pl\/wp-content\/uploads\/2025\/03\/inastudio_man_12a-3.webp\">\n                                                        <\/div>  \n                                                                                                                                                <\/div>  \n                                                                                                            <\/div>\n                            <\/div>\n                                                            <\/div>\n            <\/div>\n        <\/div>\n    <\/section>\n\n<style>#block_21589e8c3ecac3f6d4faf18ec23feca4 { margin-bottom: 48px;  } @media (min-width: 768px) { #block_21589e8c3ecac3f6d4faf18ec23feca4 { margin-bottom: 72px;  }} @media (min-width: 992px) { #block_21589e8c3ecac3f6d4faf18ec23feca4 { margin-bottom: 96px;  }} @media (min-width: 1200px) { #block_21589e8c3ecac3f6d4faf18ec23feca4 { margin-bottom: 108px;  }} @media (min-width: 1500px) { #block_21589e8c3ecac3f6d4faf18ec23feca4 { margin-bottom: 120px;  }} <\/style><\/div>\n\n\n      <div id=\"block_24880ad0d0e11c2b5fdf3582df73e598\" class=\"b-row-steps alignfull l-block\">\n  \n  \n<section class=\"b-row-steps__content\">\n    <div class=\"container\">\n        <div class=\"b-row-steps__steps row\">\n                                                <div class=\"b-row-steps__step\">\n                        <div class=\"b-row-steps__title\">\n                                                            <span class=\"b-row-steps__title--small\">Ma\u00dfgefertigte M\u00f6bel in<\/span>\n                                                                                        <span class=\"b-row-steps__title--big\">5 Wochen<\/span>\n                                                                                        <span class=\"b-row-steps__title--medium\">Das ist m\u00f6glich!<\/span>\n                                \n                        <\/div>\n                    <\/div>\n                                                                        \n                <div class=\"b-row-steps__step\">\n                                            <div class=\"b-row-steps__number\">01<\/div>\n                                                                <div class=\"b-row-steps__text\">Ruf uns an und mach einen Termin aus.<\/div>\n                                    <\/div>\n\n                                \n                <div class=\"b-row-steps__step\">\n                                            <div class=\"b-row-steps__number\">02<\/div>\n                                                                <div class=\"b-row-steps__text\">Wir erstellen das Projekt und kl\u00e4ren alle Details.<\/div>\n                                    <\/div>\n\n                                \n                <div class=\"b-row-steps__step\">\n                                            <div class=\"b-row-steps__number\">03<\/div>\n                                                                <div class=\"b-row-steps__text\">Wir fertigen, liefern und montieren Ihre M\u00f6bel.<\/div>\n                                    <\/div>\n\n                                    <\/div>\n    <\/div>\n<\/section>\n\n<\/div>\n\n\n      <div id=\"block_955b142f382ef5c684d935bc4eebb73e\" class=\"b-info-box-1 alignfull l-block\">\n  \n  \n    <section class=\"b-info-box-1__content\">\n        <div class=\"container\">\n            <div class=\"b-info-box-1__wrapper\">\n                <div class=\"row align-items-center\">\n                    <div class=\"col-lg-6\">\n                        <div class=\"left-items\">\n                                                                                                <div class=\"row g-4\">\n                                                                                    <div class=\"col-lg-12 wow fadeInUp\" data-wow-delay=\".7s\">\n                                                <div class=\"b-info-box-1__image\">\n                                                    <noscript><img decoding=\"async\" src=\"https:\/\/inastudio.pl\/wp-content\/uploads\/2025\/07\/meble-na-wymiar-3.webp\" alt><\/noscript><img decoding=\"async\" src=\"data:image\/gif;base64,R0lGODlhAQABAIAAAAAAAP\/\/\/yH5BAEAAAAALAAAAAABAAEAAAIBRAA7\" alt data-src=\"https:\/\/inastudio.pl\/wp-content\/uploads\/2025\/07\/meble-na-wymiar-3.webp\" class=\" lazyload\">\n                                                <\/div>\n                                            <\/div>\n                                                                                <div class=\"col-md-6 wow fadeInUp\" data-wow-delay=\".3s\">\n                                                                                            <div class=\"b-info-box-1__steps\">\n                                                                                                            <h5 class=\"b-info-box-1__step b-info-box-1__step--small\">Idee<\/h5>\n                                                                                                                                                                <h5 class=\"b-info-box-1__step b-info-box-1__step--big\">Planung<\/h5>\n                                                                                                                                                                <h5 class=\"b-info-box-1__step b-info-box-1__step--medium\">Montage<\/h5>\n                                                                                                    <\/div>\n                                                                                    <\/div>\n                                                                                    <div class=\"col-md-6 wow fadeInUp\" data-wow-delay=\".5s\">\n                                                <div class=\"b-info-box-1__image\">\n                                                    <noscript><img decoding=\"async\" src=\"https:\/\/inastudio.pl\/wp-content\/uploads\/2025\/04\/meble-na-wymiar-small-image.webp\" alt><\/noscript><img decoding=\"async\" src=\"data:image\/gif;base64,R0lGODlhAQABAIAAAAAAAP\/\/\/yH5BAEAAAAALAAAAAABAAEAAAIBRAA7\" alt data-src=\"https:\/\/inastudio.pl\/wp-content\/uploads\/2025\/04\/meble-na-wymiar-small-image.webp\" class=\" lazyload\">\n                                                <\/div>\n                                            <\/div>\n                                                                            <\/div>\n                                                                                    <\/div>\n                    <\/div>\n                    <div class=\"col-lg-6 mt-5 mt-lg-0\">\n                        <div class=\"content\">\n                                                            <div class=\"b-info-box-1__subtitle\">\n                                    <h6 class=\"wow fadeInUp\">Individuell gefertigte M\u00f6bel<\/h6>\n                                <\/div>\n                                                                                        <div class=\"b-info-box-1__title\">\n                                    <h2 class=\"wow fadeInUp\" data-wow-delay=\".3s\">Ma\u00dfgefertigte M\u00f6bel<\/h2>\n                                <\/div>\n                                                                                        <div class=\"b-info-box-1__text wow fadeInUp\" data-wow-delay=\".5s\">\n                                    <p>Wir spezialisieren uns auf <strong>ma\u00dfgefertigte M\u00f6bel<\/strong> \u2013 von der Vermessung bis zur Montage. Dank unserer eigenen Schreinerei und einem erfahrenen Team bieten wir funktionale <em>M\u00f6bel nach Ma\u00df<\/em>, die Ihre Tr\u00e4ume von einem perfekten Innenraum erf\u00fcllen.<\/p>\n                                <\/div>\n                                                                                        <div class=\"list\">\n                                    <ul class=\"wow fadeInUp\" data-wow-delay=\".7s\">\n                                                                                    <li>\n                                                <i class=\"fas fa-check-circle\"><\/i>\n                                                                                                    Planung und Angebot                                                                                            <\/li>\n                                                                                    <li>\n                                                <i class=\"fas fa-check-circle\"><\/i>\n                                                                                                    Auswahl von Materialien und L\u00f6sungen                                                                                            <\/li>\n                                                                                    <li>\n                                                <i class=\"fas fa-check-circle\"><\/i>\n                                                                                                    Professionelle Beratung                                                                                            <\/li>\n                                                                                    <li>\n                                                <i class=\"fas fa-check-circle\"><\/i>\n                                                                                                    Termin- und fachgerechte Montage                                                                                            <\/li>\n                                                                                    <li>\n                                                <i class=\"fas fa-check-circle\"><\/i>\n                                                                                                    Umfassender Service                                                                                            <\/li>\n                                                                                    <li>\n                                                <i class=\"fas fa-check-circle\"><\/i>\n                                                                                                    Bequeme Kommunikation                                                                                            <\/li>\n                                                                            <\/ul>\n                                <\/div>\n                                                                                <\/div>\n                    <\/div>\n                <\/div>\n            <\/div>\n        <\/div>\n    <\/section>\n\n<\/div>\n\n\n      <div id=\"block_13a9d708e4f1b35a68a1e04c0d9ddef7\" class=\"b-info-box-2 alignfull l-block\">\n  \n  \n    <section class=\"b-info-box-2__content\">\n        <div class=\"container\">\n            <div class=\"b-info-box-2__title-area\">\n                <div class=\"row align-items-lg-end\">\n                    <div class=\"col-lg-6\">\n                        <div class=\"b-info-box-2__titles\">\n                                                            <div class=\"b-info-box-2__subtitle\">\n                                    <h6 class=\"wow fadeInUp\">Praktische Innenr\u00e4ume<\/h6>\n                                <\/div>\n                                                                                        <div class=\"b-info-box-2__title\">\n                                    <h2 class=\"wow\">Einzigartige Arrangements<\/h2>\n                                <\/div>\n                                                    <\/div>\n                    <\/div>\n                                            <div class=\"col-lg-6\">\n                            <div class=\"b-info-box-2__text wow fadeInUp\" data-wow-delay=\".5s\"><p>Wir garantieren einen individuellen Ansatz und hervorragende Qualit\u00e4t. Unabh\u00e4ngig von der Gr\u00f6\u00dfe Ihrer Bestellung bieten wir professionelles Vorgehen und Unterst\u00fctzung in jeder Phase des Projekts. Wir vermessen, gestalten Innenr\u00e4ume und beraten Sie. Mit uns k\u00f6nnen Sie Ihre Tr\u00e4ume von der idealen K\u00fcche und dem perfekten Bad verwirklichen und gleichzeitig Ihr B\u00fcro oder Hotel einrichten.<\/p>\n<\/div>\n                        <\/div>\n                                    <\/div>\n            <\/div>\n            <div class=\"b-info-box-2__wrapper  \">\n                <div class=\"row g-0 align-items-center\">\n                                                                        <div class=\"col-12\">\n                                <noscript><img decoding=\"async\" src=\"https:\/\/inastudio.pl\/wp-content\/uploads\/2025\/04\/info-box-2.webp\" alt class=\"img-fluid\"><\/noscript><img decoding=\"async\" src=\"data:image\/gif;base64,R0lGODlhAQABAIAAAAAAAP\/\/\/yH5BAEAAAAALAAAAAABAAEAAAIBRAA7\" alt class=\"img-fluid lazyload\" data-src=\"https:\/\/inastudio.pl\/wp-content\/uploads\/2025\/04\/info-box-2.webp\">\n                            <\/div>\n                                                            <\/div>\n            <\/div>\n        <\/div>\n    <\/section>\n\n<\/div>\n\n\n      <div id=\"block_7b5414fdd86ee9688b20905277ac3942\" class=\"b-cta alignfull l-block\">\n  \n  \n    <div class=\"b-cta__content\">\n        <div class=\"container\">\n            <div class=\"row align-items-center text-center\">\n                <div class=\"col-lg-9 text-lg-start\">\n                                            <div class=\"b-cta__title\">\n                            <h2>Ruf an und vereinbare einen Termin.<\/h2>\n                        <\/div>\n                                    <\/div>\n                <div class=\"col-lg-3 text-lg-end\">\n                                                                        <a class=\"b-cta__btn theme-btn bg-white\" href=\"tel:+48883997880\" target=\"_self\">+48 883 997 880<\/a>\n                                                                                <a class=\"b-cta__btn theme-btn bg-white\" href=\"tel:+48690997880\" target=\"_self\">+48 690 997 880<\/a>\n                                                                                        <\/div>   \n            <\/div>\n        <\/div>\n    <\/div>\n\n<\/div>\n\n\n  \n  \n\n\n      <div id=\"block_c3178483b46237857324cc88c74dfe15\" class=\"alignfull relative blocks-group l-block\">\n  \n  \n    <div class=\"blocks-group__inner background--default\">\n        \n\n      <div id=\"block_4a3712e7096ee78012621909066e984c\" class=\"alignfull relative blocks-container l-block\">\n  \n  \n      <div class=\"container\">\n      \n\n      <div id=\"block_90e72127e9d64067bdcfacb5ece23eb2\" class=\"b-row row l-block\">\n  \n  \n  \n  \n\n      <div id=\"block_301597fb487a1607d242e2fd7f9fdab7\" class=\"b-column col-lg-8  l-block\">\n  \n  \n\n\n      <h6 id=\"block_832894c87f183f22e1984b22a6aee7eb\" class=\"c-title c-title--small c-title--color-primary  alignfull text-start l-block\">\n  \n  \nDesign, der begeistert\n<\/h6><style>#block_832894c87f183f22e1984b22a6aee7eb { margin-bottom: 4px;  } @media (min-width: 768px) { #block_832894c87f183f22e1984b22a6aee7eb { margin-bottom: 6px;  }} @media (min-width: 992px) { #block_832894c87f183f22e1984b22a6aee7eb { margin-bottom: 8px;  }} @media (min-width: 1200px) { #block_832894c87f183f22e1984b22a6aee7eb { margin-bottom: 9px;  }} @media (min-width: 1500px) { #block_832894c87f183f22e1984b22a6aee7eb { margin-bottom: 10px;  }} <\/style>\n\n\n      <h2 id=\"block_c798a4c3a1f0eed444320bc769d511ad\" class=\"c-title c-title--default c-title--color-default  alignfull text-start l-block\">\n  \n  \nIna Studio: \u00dcber 15 Jahre Erfahrung in der Ma\u00dfanfertigung einzigartiger M\u00f6bel\n<\/h2><style>#block_c798a4c3a1f0eed444320bc769d511ad { margin-bottom: 8px;  } @media (min-width: 768px) { #block_c798a4c3a1f0eed444320bc769d511ad { margin-bottom: 12px;  }} @media (min-width: 992px) { #block_c798a4c3a1f0eed444320bc769d511ad { margin-bottom: 16px;  }} @media (min-width: 1200px) { #block_c798a4c3a1f0eed444320bc769d511ad { margin-bottom: 18px;  }} @media (min-width: 1500px) { #block_c798a4c3a1f0eed444320bc769d511ad { margin-bottom: 20px;  }} <\/style>\n\n\n      <div id=\"block_beec69c1ed016a731e30b746eb72cffc\" class=\"text-size-default alignfull l-block\">\n  \n  \n      <p>Suchen Sie M\u00f6bel, die perfekt in Ihren Raum passen? Ma\u00dfgefertigte M\u00f6bel sind unser Angebot f\u00fcr alle, die Wert auf Qualit\u00e4t, Langlebigkeit und individuelle Betreuung legen. Wir entwerfen und fertigen M\u00f6bel, die genau auf Ihre Bed\u00fcrfnisse abgestimmt sind \u2013 f\u00fcr Wohnzimmer, Schlafzimmer, Ankleidezimmer, B\u00fcro und mehr. Dank unserer eigenen Tischlerei und eines erfahrenen Teams realisieren wir komplette Auftr\u00e4ge \u2013 von der Konzeptentwicklung \u00fcber die Produktion bis zur Montage. Wir schaffen L\u00f6sungen, die exakt zu den Ma\u00dfen und dem Stil Ihres Interieurs passen. Wir sind in Stargard, Stettin und Umgebung t\u00e4tig und \u00fcbernehmen umfassende Projekte \u2013 von der Planung bis zur Fertigung ma\u00dfgeschneiderter M\u00f6bel und K\u00fcchen. Z\u00f6gern Sie nicht und kontaktieren Sie uns noch heute, um Ihr Trauminterieur zu gestalten!<\/p>\n    \n<\/div>\n\n\n<\/div>\n\n\n\n<\/div>\n\n    <\/div>\n  \n<\/div>\n\n    <\/div>\n\n<style>#block_c3178483b46237857324cc88c74dfe15 { padding-top: 48px; padding-bottom: 32px; background-color: #F8F8F8;  } @media (min-width: 768px) { #block_c3178483b46237857324cc88c74dfe15 { padding-top: 72px; padding-bottom: 48px;  }} @media (min-width: 992px) { #block_c3178483b46237857324cc88c74dfe15 { padding-top: 96px; padding-bottom: 64px;  }} @media (min-width: 1200px) { #block_c3178483b46237857324cc88c74dfe15 { padding-top: 108px; padding-bottom: 72px;  }} @media (min-width: 1500px) { #block_c3178483b46237857324cc88c74dfe15 { padding-top: 120px; padding-bottom: 80px;  }} <\/style><\/div>\n\n\n      <div id=\"block_28c5a4fa2f28381ba086ea923892a953\" class=\"b-divider-gallery alignfull l-block\">\n  \n  \n    <div class=\"b-divider-gallery__content\">\n        <div class=\"container-fluid gx-0 px-0\">\n            <div class=\"row gx-0\">\n                                                            <div class=\"col-4 col-md-2\">\n                            <a href=\"https:\/\/inastudio.pl\/wp-content\/uploads\/2025\/07\/meble-na-wymiar-4.webp\" class=\"b-divider-gallery__item img-popup\" data-group=\"gallery-block_28c5a4fa2f28381ba086ea923892a953\" title=\"meble-na-wymiar-4\">\n                                <noscript><img decoding=\"async\" src=\"https:\/\/inastudio.pl\/wp-content\/uploads\/2025\/07\/meble-na-wymiar-4-500x500.webp\" alt class=\"img-fluid\"><\/noscript><img decoding=\"async\" src=\"data:image\/gif;base64,R0lGODlhAQABAIAAAAAAAP\/\/\/yH5BAEAAAAALAAAAAABAAEAAAIBRAA7\" alt class=\"img-fluid lazyload\" data-src=\"https:\/\/inastudio.pl\/wp-content\/uploads\/2025\/07\/meble-na-wymiar-4-500x500.webp\">\n                            <\/a>\n                        <\/div>\n                                            <div class=\"col-4 col-md-2\">\n                            <a href=\"https:\/\/inastudio.pl\/wp-content\/uploads\/2025\/07\/meble-na-wymiar-5.webp\" class=\"b-divider-gallery__item img-popup\" data-group=\"gallery-block_28c5a4fa2f28381ba086ea923892a953\" title=\"meble-na-wymiar-5\">\n                                <noscript><img decoding=\"async\" src=\"https:\/\/inastudio.pl\/wp-content\/uploads\/2025\/07\/meble-na-wymiar-5-500x500.webp\" alt class=\"img-fluid\"><\/noscript><img decoding=\"async\" src=\"data:image\/gif;base64,R0lGODlhAQABAIAAAAAAAP\/\/\/yH5BAEAAAAALAAAAAABAAEAAAIBRAA7\" alt class=\"img-fluid lazyload\" data-src=\"https:\/\/inastudio.pl\/wp-content\/uploads\/2025\/07\/meble-na-wymiar-5-500x500.webp\">\n                            <\/a>\n                        <\/div>\n                                            <div class=\"col-4 col-md-2\">\n                            <a href=\"https:\/\/inastudio.pl\/wp-content\/uploads\/2025\/07\/meble-na-wymiar-6.webp\" class=\"b-divider-gallery__item img-popup\" data-group=\"gallery-block_28c5a4fa2f28381ba086ea923892a953\" title=\"meble-na-wymiar-6\">\n                                <noscript><img decoding=\"async\" src=\"https:\/\/inastudio.pl\/wp-content\/uploads\/2025\/07\/meble-na-wymiar-6-500x500.webp\" alt class=\"img-fluid\"><\/noscript><img decoding=\"async\" src=\"data:image\/gif;base64,R0lGODlhAQABAIAAAAAAAP\/\/\/yH5BAEAAAAALAAAAAABAAEAAAIBRAA7\" alt class=\"img-fluid lazyload\" data-src=\"https:\/\/inastudio.pl\/wp-content\/uploads\/2025\/07\/meble-na-wymiar-6-500x500.webp\">\n                            <\/a>\n                        <\/div>\n                                            <div class=\"col-4 col-md-2\">\n                            <a href=\"https:\/\/inastudio.pl\/wp-content\/uploads\/2025\/07\/meble-na-wymiar-7.webp\" class=\"b-divider-gallery__item img-popup\" data-group=\"gallery-block_28c5a4fa2f28381ba086ea923892a953\" title=\"meble-na-wymiar-7\">\n                                <noscript><img decoding=\"async\" src=\"https:\/\/inastudio.pl\/wp-content\/uploads\/2025\/07\/meble-na-wymiar-7-500x500.webp\" alt class=\"img-fluid\"><\/noscript><img decoding=\"async\" src=\"data:image\/gif;base64,R0lGODlhAQABAIAAAAAAAP\/\/\/yH5BAEAAAAALAAAAAABAAEAAAIBRAA7\" alt class=\"img-fluid lazyload\" data-src=\"https:\/\/inastudio.pl\/wp-content\/uploads\/2025\/07\/meble-na-wymiar-7-500x500.webp\">\n                            <\/a>\n                        <\/div>\n                                            <div class=\"col-4 col-md-2\">\n                            <a href=\"https:\/\/inastudio.pl\/wp-content\/uploads\/2025\/07\/meble-na-wymiar-8.webp\" class=\"b-divider-gallery__item img-popup\" data-group=\"gallery-block_28c5a4fa2f28381ba086ea923892a953\" title=\"meble-na-wymiar-8\">\n                                <noscript><img decoding=\"async\" src=\"https:\/\/inastudio.pl\/wp-content\/uploads\/2025\/07\/meble-na-wymiar-8-500x500.webp\" alt class=\"img-fluid\"><\/noscript><img decoding=\"async\" src=\"data:image\/gif;base64,R0lGODlhAQABAIAAAAAAAP\/\/\/yH5BAEAAAAALAAAAAABAAEAAAIBRAA7\" alt class=\"img-fluid lazyload\" data-src=\"https:\/\/inastudio.pl\/wp-content\/uploads\/2025\/07\/meble-na-wymiar-8-500x500.webp\">\n                            <\/a>\n                        <\/div>\n                                            <div class=\"col-4 col-md-2\">\n                            <a href=\"https:\/\/inastudio.pl\/wp-content\/uploads\/2025\/07\/meble-na-wymiar-9.webp\" class=\"b-divider-gallery__item img-popup\" data-group=\"gallery-block_28c5a4fa2f28381ba086ea923892a953\" title=\"meble-na-wymiar-9\">\n                                <noscript><img decoding=\"async\" src=\"https:\/\/inastudio.pl\/wp-content\/uploads\/2025\/07\/meble-na-wymiar-9-500x500.webp\" alt class=\"img-fluid\"><\/noscript><img decoding=\"async\" src=\"data:image\/gif;base64,R0lGODlhAQABAIAAAAAAAP\/\/\/yH5BAEAAAAALAAAAAABAAEAAAIBRAA7\" alt class=\"img-fluid lazyload\" data-src=\"https:\/\/inastudio.pl\/wp-content\/uploads\/2025\/07\/meble-na-wymiar-9-500x500.webp\">\n                            <\/a>\n                        <\/div>\n                                                <\/div>\n        <\/div>\n    <\/div>\n\n<\/div>\n\n\n      <div id=\"block_b14a64578742cfa85b5b3aaf4500d587\" class=\"b-faq alignfull l-block\">\n  \n  \n  <section class=\"b-faq__content\">\n    <div class=\"container\">\n      <div class=\"b-faq__wrapper\">\n        <div class=\"row\">\n          <div class=\"col-lg-5\">\n            <div class=\"faq-content\">\n                              <div class=\"b-faq__subtitle wow fadeInUp\" data-wow-delay=\".5s\">\n                  <h6>Qualit\u00e4t und Professionalit\u00e4t<\/h6>\n                <\/div>\n                                            <div class=\"b-faq__title wow fadeInUp\" data-wow-delay=\".7s\">\n                  <h2>\n                    M\u00f6bel nach Ma\u00df &#8211; Projektschritte                  <\/h2>\n                <\/div>\n                                            <div class=\"b-faq__text wow fadeInUp\" data-wow-delay=\".5s\">\n                  <p>Kontaktieren Sie uns noch heute. Unser Innenarchitekt hilft Ihnen, die perfekten ma\u00dfgefertigten M\u00f6bel zu gestalten. Sie w\u00e4hlen aus, was Ihnen am besten gef\u00e4llt, und wir k\u00fcmmern uns um den Rest. Unser Ziel ist Ihre volle Zufriedenheit und die Betonung der Sch\u00f6nheit Ihres Interieurs.<\/p>\n                <\/div>\n                                                              <div class=\"b-faq__counter-box faq-box-area wow fadeInUp\" data-wow-delay=\".7s\">\n                    <div class=\"box-items\">\n                                              <div class=\"icon\">\n                          <noscript><img decoding=\"async\" src=\"https:\/\/inastudio.pl\/wp-content\/uploads\/2025\/04\/thumbs-up-icon.svg\" alt><\/noscript><img decoding=\"async\" src=\"data:image\/gif;base64,R0lGODlhAQABAIAAAAAAAP\/\/\/yH5BAEAAAAALAAAAAABAAEAAAIBRAA7\" alt data-src=\"https:\/\/inastudio.pl\/wp-content\/uploads\/2025\/04\/thumbs-up-icon.svg\" class=\" lazyload\">\n                        <\/div>\n                                            <div class=\"content\">\n                                                  <h3><span class=\"count\">170<\/span>+<\/h3>\n                                                                          <h4>Zufriedene Kunden<\/h4>\n                                              <\/div>\n                    <\/div>\n                                          Wir setzen auch Ihre Vision um.<br>Erz\u00e4hlen Sie uns einfach davon.                                      <\/div>\n                                          <\/div>\n          <\/div>\n          <div class=\"col-lg-6 offset-lg-1 mt-5 mt-lg-0\">\n                          <div class=\"faq-accordion\">\n                <div class=\"accordion\" id=\"accordion-block_b14a64578742cfa85b5b3aaf4500d587\">\n                                      <div class=\"accordion-item wow fadeInUp\" data-wow-delay=\"0.2s\">\n                      <h5 class=\"accordion-header\">\n                        <button class=\"accordion-button \" type=\"button\" aria-expanded=\"true\" data-bs-toggle=\"collapse\" data-bs-target=\"#faq1\" aria-controls=\"faq1\">\n                                                      <span>1.<\/span> Wir sprechen \u00fcber Ihr Projekt                                                  <\/button>\n                      <\/h5>\n                      <div id=\"faq1\" class=\"accordion-collapse collapse show\" data-bs-parent=\"#accordion-block_b14a64578742cfa85b5b3aaf4500d587\">\n                                                  <div class=\"accordion-body\">\n                            Rufen Sie uns an und vereinbaren Sie einen Termin. Unsere Spezialisten analysieren die Vorgaben Ihres Auftrags und f\u00fchren au\u00dferdem eine erste Vermessung an dem von Ihnen angegebenen Standort durch. Auf Grundlage der gesammelten Informationen erstellen wir eine vorl\u00e4ufige Kostensch\u00e4tzung f\u00fcr Ihr Projekt.                          <\/div>\n                                              <\/div>\n                    <\/div>\n                                      <div class=\"accordion-item wow fadeInUp\" data-wow-delay=\"0.4s\">\n                      <h5 class=\"accordion-header\">\n                        <button class=\"accordion-button collapsed\" type=\"button\" aria-expanded=\"false\" data-bs-toggle=\"collapse\" data-bs-target=\"#faq2\" aria-controls=\"faq2\">\n                                                      <span>2.<\/span> Detaillierte Planung                                                  <\/button>\n                      <\/h5>\n                      <div id=\"faq2\" class=\"accordion-collapse collapse \" data-bs-parent=\"#accordion-block_b14a64578742cfa85b5b3aaf4500d587\">\n                                                  <div class=\"accordion-body\">\n                            Wir laden Sie zu einem Gespr\u00e4ch \u00fcber die Projektdetails ein. Gemeinsam w\u00e4hlen wir Materialien aus und stimmen die Details ab. Au\u00dferdem f\u00fchren wir genaue Vermessungen durch und erstellen auf Wunsch eine Visualisierung des Raums. Sie k\u00f6nnen jederzeit auf unsere Beratung und Unterst\u00fctzung z\u00e4hlen.                          <\/div>\n                                              <\/div>\n                    <\/div>\n                                      <div class=\"accordion-item wow fadeInUp\" data-wow-delay=\"0.6s\">\n                      <h5 class=\"accordion-header\">\n                        <button class=\"accordion-button collapsed\" type=\"button\" aria-expanded=\"false\" data-bs-toggle=\"collapse\" data-bs-target=\"#faq3\" aria-controls=\"faq3\">\n                                                      <span>3.<\/span> Herstellung, Lieferung und Montage                                                  <\/button>\n                      <\/h5>\n                      <div id=\"faq3\" class=\"accordion-collapse collapse \" data-bs-parent=\"#accordion-block_b14a64578742cfa85b5b3aaf4500d587\">\n                                                  <div class=\"accordion-body\">\n                            Ihre M\u00f6bel sind in guten H\u00e4nden. Unsere erfahrenen Tischler sorgen f\u00fcr h\u00f6chste Verarbeitungsqualit\u00e4t und halten die vereinbarten Termine ein. Das bedeutet, dass Ihre Traumk\u00fcche bereits innerhalb von 5 Wochen nach Auftragserteilung geliefert und montiert wird.                          <\/div>\n                                              <\/div>\n                    <\/div>\n                                  <\/div>\n                            <\/div>\n          <\/div>\n        <\/div>\n      <\/div>\n    <\/div>\n  <\/section>\n\n<\/div>\n\n\n      <div id=\"block_795f0946cdd165aa8713df3f2c1fef18\" class=\"b-products-showcase alignfull l-block\">\n  \n  \n<section class=\"b-products-showcase__content\">\n    <div class=\"container\">\n        <div class=\"row\">\n            <div class=\"col-lg-6 mx-auto text-center\">\n                    \n                    <div class=\"b-products-showcase__subtitle\"><h5>Sch\u00f6n und funktional<\/h5><\/div>\n                                                    <div class=\"b-products-showcase__title\"><h3>Fronten-Katalog<\/h3><\/div>\n                                                    <div class=\"b-products-showcase__text\"><p>Schau dir unseren Fronten-Katalog an \u2013 eine gro\u00dfe Auswahl an Designs und Oberfl\u00e4chen, die zu modernen und klassischen Interieurs passen.<\/p>\n<\/div>\n                            <\/div>\n        <\/div>\n                    <div class=\"row gy-6\">\n                                    <div class=\"col-xxl-2 col-md-4 col-sm-6 d-flex justify-content-center\">\n                        <div class=\"b-products-showcase__item\">\n                                                            <a href=\"https:\/\/inastudio.pl\/wp-content\/uploads\/2025\/06\/produts-showcase-img-1.webp\" class=\"b-products-showcase__item-image img-popup\" data-group=\"gallery-portfolio-block_795f0946cdd165aa8713df3f2c1fef18\" title=\"produts-showcase-img-1\">\n                                    <noscript><img decoding=\"async\" src=\"https:\/\/inastudio.pl\/wp-content\/uploads\/2025\/06\/produts-showcase-img-1.webp\" alt><\/noscript><img decoding=\"async\" src=\"data:image\/gif;base64,R0lGODlhAQABAIAAAAAAAP\/\/\/yH5BAEAAAAALAAAAAABAAEAAAIBRAA7\" alt data-src=\"https:\/\/inastudio.pl\/wp-content\/uploads\/2025\/06\/produts-showcase-img-1.webp\" class=\" lazyload\">\n                                <\/a>\n                                                                                        <div class=\"b-products-showcase__item-title\"><h5>Muster Padwa<\/h5><\/div>\n                                                    <\/div>\n                    <\/div>\n                                    <div class=\"col-xxl-2 col-md-4 col-sm-6 d-flex justify-content-center\">\n                        <div class=\"b-products-showcase__item\">\n                                                            <a href=\"https:\/\/inastudio.pl\/wp-content\/uploads\/2025\/06\/produts-showcase-img-2.webp\" class=\"b-products-showcase__item-image img-popup\" data-group=\"gallery-portfolio-block_795f0946cdd165aa8713df3f2c1fef18\" title=\"produts-showcase-img-2\">\n                                    <noscript><img decoding=\"async\" src=\"https:\/\/inastudio.pl\/wp-content\/uploads\/2025\/06\/produts-showcase-img-2.webp\" alt><\/noscript><img decoding=\"async\" src=\"data:image\/gif;base64,R0lGODlhAQABAIAAAAAAAP\/\/\/yH5BAEAAAAALAAAAAABAAEAAAIBRAA7\" alt data-src=\"https:\/\/inastudio.pl\/wp-content\/uploads\/2025\/06\/produts-showcase-img-2.webp\" class=\" lazyload\">\n                                <\/a>\n                                                                                        <div class=\"b-products-showcase__item-title\"><h5>Muster Savona RAL7040<\/h5><\/div>\n                                                    <\/div>\n                    <\/div>\n                                    <div class=\"col-xxl-2 col-md-4 col-sm-6 d-flex justify-content-center\">\n                        <div class=\"b-products-showcase__item\">\n                                                            <a href=\"https:\/\/inastudio.pl\/wp-content\/uploads\/2025\/06\/produts-showcase-img-3.webp\" class=\"b-products-showcase__item-image img-popup\" data-group=\"gallery-portfolio-block_795f0946cdd165aa8713df3f2c1fef18\" title=\"produts-showcase-img-3\">\n                                    <noscript><img decoding=\"async\" src=\"https:\/\/inastudio.pl\/wp-content\/uploads\/2025\/06\/produts-showcase-img-3.webp\" alt><\/noscript><img decoding=\"async\" src=\"data:image\/gif;base64,R0lGODlhAQABAIAAAAAAAP\/\/\/yH5BAEAAAAALAAAAAABAAEAAAIBRAA7\" alt data-src=\"https:\/\/inastudio.pl\/wp-content\/uploads\/2025\/06\/produts-showcase-img-3.webp\" class=\" lazyload\">\n                                <\/a>\n                                                                                        <div class=\"b-products-showcase__item-title\"><h5>Muster ELBA RAL7030<\/h5><\/div>\n                                                    <\/div>\n                    <\/div>\n                                    <div class=\"col-xxl-2 col-md-4 col-sm-6 d-flex justify-content-center\">\n                        <div class=\"b-products-showcase__item\">\n                                                            <a href=\"https:\/\/inastudio.pl\/wp-content\/uploads\/2025\/06\/produts-showcase-img-4.webp\" class=\"b-products-showcase__item-image img-popup\" data-group=\"gallery-portfolio-block_795f0946cdd165aa8713df3f2c1fef18\" title=\"produts-showcase-img-4\">\n                                    <noscript><img decoding=\"async\" src=\"https:\/\/inastudio.pl\/wp-content\/uploads\/2025\/06\/produts-showcase-img-4.webp\" alt><\/noscript><img decoding=\"async\" src=\"data:image\/gif;base64,R0lGODlhAQABAIAAAAAAAP\/\/\/yH5BAEAAAAALAAAAAABAAEAAAIBRAA7\" alt data-src=\"https:\/\/inastudio.pl\/wp-content\/uploads\/2025\/06\/produts-showcase-img-4.webp\" class=\" lazyload\">\n                                <\/a>\n                                                                                        <div class=\"b-products-showcase__item-title\"><h5>Muster Perugia RAL9001<\/h5><\/div>\n                                                    <\/div>\n                    <\/div>\n                                    <div class=\"col-xxl-2 col-md-4 col-sm-6 d-flex justify-content-center\">\n                        <div class=\"b-products-showcase__item\">\n                                                            <a href=\"https:\/\/inastudio.pl\/wp-content\/uploads\/2025\/06\/produts-showcase-img-5.webp\" class=\"b-products-showcase__item-image img-popup\" data-group=\"gallery-portfolio-block_795f0946cdd165aa8713df3f2c1fef18\" title=\"produts-showcase-img-5\">\n                                    <noscript><img decoding=\"async\" src=\"https:\/\/inastudio.pl\/wp-content\/uploads\/2025\/06\/produts-showcase-img-5.webp\" alt><\/noscript><img decoding=\"async\" src=\"data:image\/gif;base64,R0lGODlhAQABAIAAAAAAAP\/\/\/yH5BAEAAAAALAAAAAABAAEAAAIBRAA7\" alt data-src=\"https:\/\/inastudio.pl\/wp-content\/uploads\/2025\/06\/produts-showcase-img-5.webp\" class=\" lazyload\">\n                                <\/a>\n                                                                                        <div class=\"b-products-showcase__item-title\"><h5>Muster Savona RAL7040<\/h5><\/div>\n                                                    <\/div>\n                    <\/div>\n                                    <div class=\"col-xxl-2 col-md-4 col-sm-6 d-flex justify-content-center\">\n                        <div class=\"b-products-showcase__item\">\n                                                            <a href=\"https:\/\/inastudio.pl\/wp-content\/uploads\/2025\/06\/produts-showcase-img-6.webp\" class=\"b-products-showcase__item-image img-popup\" data-group=\"gallery-portfolio-block_795f0946cdd165aa8713df3f2c1fef18\" title=\"produts-showcase-img-6\">\n                                    <noscript><img decoding=\"async\" src=\"https:\/\/inastudio.pl\/wp-content\/uploads\/2025\/06\/produts-showcase-img-6.webp\" alt><\/noscript><img decoding=\"async\" src=\"data:image\/gif;base64,R0lGODlhAQABAIAAAAAAAP\/\/\/yH5BAEAAAAALAAAAAABAAEAAAIBRAA7\" alt data-src=\"https:\/\/inastudio.pl\/wp-content\/uploads\/2025\/06\/produts-showcase-img-6.webp\" class=\" lazyload\">\n                                <\/a>\n                                                                                        <div class=\"b-products-showcase__item-title\"><h5>Muster ELBA RAL7030<\/h5><\/div>\n                                                    <\/div>\n                    <\/div>\n                            <\/div>\n                        <div class=\"row\">\n            <div class=\"col-12 text-center\">\n                <div class=\"b-products-showcase__button button wow fadeInUp\" data-wow-delay=\".9s\">\n                    <a href=\"https:\/\/inastudio.pl\/de\/fronten-katalog\/\" target=\"_self\" class=\"theme-btn\">\n                        Mehr sehen                    <\/a>\n                <\/div>\n            <\/div>\n        <\/div>\n            <\/div>\n<\/section>\n\n<\/div>\n\n\n      <div id=\"block_815ee108a6927abfefd92c141daa47dd\" class=\"b-image-text alignfull l-block\">\n  \n  \n    <div class=\"b-image-text__content\">\n        <div class=\"container\">\n            <div class=\"row align-items-center d-flex\">\n                <div class=\"col-lg-6 order-1\">\n                                            <div class=\"b-image-text__image\">\n                            <noscript><img decoding=\"async\" src=\"https:\/\/inastudio.pl\/wp-content\/uploads\/2025\/04\/umow-sie-na-spotkanie-1.webp\" alt class=\"img-fluid\"><\/noscript><img decoding=\"async\" src=\"data:image\/gif;base64,R0lGODlhAQABAIAAAAAAAP\/\/\/yH5BAEAAAAALAAAAAABAAEAAAIBRAA7\" alt class=\"img-fluid lazyload\" data-src=\"https:\/\/inastudio.pl\/wp-content\/uploads\/2025\/04\/umow-sie-na-spotkanie-1.webp\">\n                        <\/div>\n                                    <\/div>\n                <div class=\"col-lg-6 order-2\">\n                    <div class=\"b-image-text__texts\">\n                                                    <div class=\"b-image-text__subtitle\">\n                                <h6>von A bis Z<\/h6>\n                            <\/div>\n                                                                            <div class=\"b-image-text__title\">\n                                <h2>Vereinbaren Sie einen Termin und verwirklichen Sie Ihre Traum-M\u00f6bel<\/h2>\n                            <\/div>\n                                                                            <div class=\"b-image-text__text\">\n                                <p>Die Wahl der richtigen M\u00f6bel ist ein entscheidender Schritt, da sie zu einem dauerhaften Bestandteil jedes Raumes werden. Die K\u00fcche, das Herz des Hauses, verdient besondere Aufmerksamkeit und Funktionalit\u00e4t. Daher lohnt es sich, die Option <strong>ma\u00dfgefertigter K\u00fcchenm\u00f6bel<\/strong> in Betracht zu ziehen. Diese L\u00f6sung erm\u00f6glicht eine vollst\u00e4ndige Anpassung des Raumes an individuelle Bed\u00fcrfnisse \u2013 sowohl in Bezug auf Gr\u00f6\u00dfe als auch auf Materialien.<\/p>\n<p>Als erfahrener Hersteller von <em>ma\u00dfgefertigten M\u00f6beln<\/em> mit eigener Tischlerei bieten wir au\u00dfergew\u00f6hnliche Elemente f\u00fcr K\u00fcchen sowie Einbauten und Schr\u00e4nke, die individuell angepasst werden. Unsere L\u00f6sungen zeichnen sich durch einzigartigen Stil, umfassende Funktionalit\u00e4t und flexible Gestaltungsm\u00f6glichkeiten aus.<\/p>\n                            <\/div>\n                                            <\/div>\n                <\/div>\n            <\/div>\n        <\/div>\n    <\/div>\n\n<style>#block_815ee108a6927abfefd92c141daa47dd { background-color: #f8f8f8;  } <\/style><\/div>\n\n\n      <div id=\"block_f3856c45cf90a50b7ce975989d251ac5\" class=\"b-offer alignfull l-block\">\n  \n  \n<section class=\"b-offer__content\">\n    <div class=\"container\">\n        <div class=\"row\">\n            <div class=\"col-lg-6 mx-auto\">\n                <div class=\"b-offer__section-title\">\n                                            <div class=\"b-offer__subtitle\">\n                            <h6>Entdecken Sie unser Angebot<\/h6>\n                        <\/div>\n                                                                <div class=\"b-offer__title\">\n                            <h2>Ma\u00dfgefertigte M\u00f6bel<\/h2>\n                        <\/div>\n                                                                <div class=\"b-offer__text\">\n                            <p>Erf\u00fcllen Sie sich Ihren Traum vom idealen Zuhause. Ina Studio erstellt einzigartige Projekte in enger Abstimmung mit Ihnen. Entdecken Sie, was wir f\u00fcr Sie entwerfen k\u00f6nnen.<\/p>\n                        <\/div>\n                                    <\/div>\n            <\/div>\n        <\/div>\n        <div class=\"b-offer__offers\">\n                            <div class=\"row row-gap-4\">\n                                            <div class=\"col-xl-4 col-lg-6\">\n                                                                <div class=\"b-offer__box\">\n                                                                                    <div class=\"b-offer__image\">\n                                                <noscript><img decoding=\"async\" src=\"https:\/\/inastudio.pl\/wp-content\/uploads\/2025\/07\/meble-na-wymiar-1.webp\" alt><\/noscript><img decoding=\"async\" src=\"data:image\/gif;base64,R0lGODlhAQABAIAAAAAAAP\/\/\/yH5BAEAAAAALAAAAAABAAEAAAIBRAA7\" alt data-src=\"https:\/\/inastudio.pl\/wp-content\/uploads\/2025\/07\/meble-na-wymiar-1.webp\" class=\" lazyload\">\n                                            <\/div>\n                                                                                <div class=\"b-offer__offer-content\">\n                                                                                            <div class=\"b-offer__icon\">\n                                                    <noscript><img decoding=\"async\" src=\"https:\/\/inastudio.pl\/wp-content\/uploads\/2025\/03\/offer-box-1.svg\" alt><\/noscript><img decoding=\"async\" src=\"data:image\/gif;base64,R0lGODlhAQABAIAAAAAAAP\/\/\/yH5BAEAAAAALAAAAAABAAEAAAIBRAA7\" alt data-src=\"https:\/\/inastudio.pl\/wp-content\/uploads\/2025\/03\/offer-box-1.svg\" class=\" lazyload\">\n                                                <\/div>\n                                                                                                                                        <div class=\"b-offer__offer-title\">\n                                                    <h3>K\u00fcchenm\u00f6bel<\/h3>\n                                                <\/div>\n                                                                                                                                        <div class=\"b-offer__offer-text\">\n                                                    <p>Wir sind uns bewusst, wie entscheidend die K\u00fcche in jedem Zuhause ist. In unseren Projekten verwenden wir stets Materialien von h\u00f6chster Qualit\u00e4t, um nicht nur ein einzigartiges Design zu gew\u00e4hrleisten, sondern auch die Langlebigkeit und Zuverl\u00e4ssigkeit unserer <strong>ma\u00dfgefertigten K\u00fcchenm\u00f6bel<\/strong> sicherzustellen.<\/p>\n                                                <\/div>\n                                                                                                                                        \n                                        <\/div>\n                                    <\/div>\n                                                        <\/div>\n                                            <div class=\"col-xl-4 col-lg-6\">\n                                                                <div class=\"b-offer__box\">\n                                                                                    <div class=\"b-offer__image\">\n                                                <noscript><img decoding=\"async\" src=\"https:\/\/inastudio.pl\/wp-content\/uploads\/2025\/07\/meble-na-wymiar-2.webp\" alt><\/noscript><img decoding=\"async\" src=\"data:image\/gif;base64,R0lGODlhAQABAIAAAAAAAP\/\/\/yH5BAEAAAAALAAAAAABAAEAAAIBRAA7\" alt data-src=\"https:\/\/inastudio.pl\/wp-content\/uploads\/2025\/07\/meble-na-wymiar-2.webp\" class=\" lazyload\">\n                                            <\/div>\n                                                                                <div class=\"b-offer__offer-content\">\n                                                                                            <div class=\"b-offer__icon\">\n                                                    <noscript><img decoding=\"async\" src=\"https:\/\/inastudio.pl\/wp-content\/uploads\/2025\/03\/offer-box-icon-2.svg\" alt><\/noscript><img decoding=\"async\" src=\"data:image\/gif;base64,R0lGODlhAQABAIAAAAAAAP\/\/\/yH5BAEAAAAALAAAAAABAAEAAAIBRAA7\" alt data-src=\"https:\/\/inastudio.pl\/wp-content\/uploads\/2025\/03\/offer-box-icon-2.svg\" class=\" lazyload\">\n                                                <\/div>\n                                                                                                                                        <div class=\"b-offer__offer-title\">\n                                                    <h3>Einbauschr\u00e4nke nach Ma\u00df<\/h3>\n                                                <\/div>\n                                                                                                                                        <div class=\"b-offer__offer-text\">\n                                                    <p>Funktional und elegant\n<br><br>\nGenau nach den Vorgaben des Kunden geplant, um jeden Zentimeter des verf\u00fcgbaren Raums optimal zu nutzen. Wir realisieren ma\u00dfgefertigte <strong>Einbauten und Schr\u00e4nke<\/strong>, die alles aufnehmen, was Sie ben\u00f6tigen.<\/p>\n                                                <\/div>\n                                                                                                                                        \n                                        <\/div>\n                                    <\/div>\n                                                        <\/div>\n                                            <div class=\"col-xl-4 col-lg-6\">\n                                                                <div class=\"b-offer__box\">\n                                                                                    <div class=\"b-offer__image\">\n                                                <noscript><img decoding=\"async\" src=\"https:\/\/inastudio.pl\/wp-content\/uploads\/2025\/07\/meble-na-wymiar-3.webp\" alt><\/noscript><img decoding=\"async\" src=\"data:image\/gif;base64,R0lGODlhAQABAIAAAAAAAP\/\/\/yH5BAEAAAAALAAAAAABAAEAAAIBRAA7\" alt data-src=\"https:\/\/inastudio.pl\/wp-content\/uploads\/2025\/07\/meble-na-wymiar-3.webp\" class=\" lazyload\">\n                                            <\/div>\n                                                                                <div class=\"b-offer__offer-content\">\n                                                                                            <div class=\"b-offer__icon\">\n                                                    <noscript><img decoding=\"async\" src=\"https:\/\/inastudio.pl\/wp-content\/uploads\/2025\/03\/offer-box-icon-2.svg\" alt><\/noscript><img decoding=\"async\" src=\"data:image\/gif;base64,R0lGODlhAQABAIAAAAAAAP\/\/\/yH5BAEAAAAALAAAAAABAAEAAAIBRAA7\" alt data-src=\"https:\/\/inastudio.pl\/wp-content\/uploads\/2025\/03\/offer-box-icon-2.svg\" class=\" lazyload\">\n                                                <\/div>\n                                                                                                                                        <div class=\"b-offer__offer-title\">\n                                                    <h3>Ma\u00dfgefertigte M\u00f6bel<\/h3>\n                                                <\/div>\n                                                                                                                                        <div class=\"b-offer__offer-text\">\n                                                    <p>Wir bieten umfassende Planungsdienstleistungen an, einschlie\u00dflich Unterst\u00fctzung bei der Raumgestaltung sowie umfassende Erfahrung in der Herstellung von <strong>ma\u00dfgefertigten M\u00f6beln<\/strong>, die verschiedene Kategorien abdecken, wie Badezimmer-, B\u00fcro- und Hotelm\u00f6bel.<\/p>\n                                                <\/div>\n                                                                                                                                        \n                                        <\/div>\n                                    <\/div>\n                                                        <\/div>\n                                    <\/div>\n                    <\/div>\n    <\/div>\n<\/section>\n\n<\/div>\n\n\n      <div id=\"block_91a1b9eacb6cce65fc19d5d1f3d85dd5\" class=\"alignfull relative blocks-group l-block\">\n  \n  \n    <div class=\"blocks-group__inner background--default\">\n        \n\n      <div id=\"block_290fe0ecd3ae53a7110058868c7662ba\" class=\"alignfull relative blocks-container l-block\">\n  \n  \n      <div class=\"container\">\n      \n\n      <div id=\"block_c1744ed30cbbefa6b05a30746708c10f\" class=\"b-row row l-block\">\n  \n  \n  \n  \n\n      <div id=\"block_c5ffa4036db55c895bfb3f3d16a60cb4\" class=\"b-column col-lg-8  l-block m-auto\">\n  \n  \n\n\n      <div id=\"block_0d37bea097449ade69c8920ec76ae472\" class=\"text-size-default alignfull l-block\">\n  \n  \n      <p><strong>Ma\u00dfgefertigte M\u00f6bel von INA Studio<\/strong> zeichnen sich durch h\u00f6chste Pr\u00e4zision und Langlebigkeit aus und behalten ihre Eigenschaften \u00fcber lange Zeit. Unabh\u00e4ngig von den Bedingungen werden unsere <em>ma\u00dfgefertigten Einbauten und Schr\u00e4nke<\/em> zu einem funktionalen und \u00e4sthetischen Bestandteil Ihres Interieurs. Vertrauen Sie uns \u2013 von der Vermessung bis zur Montage verwirklichen wir Ihre Tr\u00e4ume.<\/p>\n    \n<\/div>\n\n\n<div style=\"height:15px\" aria-hidden=\"true\" class=\"wp-block-spacer\"><\/div>\n\n\n\n      <div id=\"block_2c137deaef2c74237e5fe073a0730e3f\" class=\"text-size-default alignfull l-block\">\n  \n  \n      <p>Kontaktieren Sie uns noch heute. Unser Innenarchitekt hilft Ihnen, die perfekten <strong>ma\u00dfgefertigten M\u00f6bel<\/strong> zu gestalten. Beim ersten Treffen besprechen wir Ihren Stil, Ihre Erwartungen und Ihr Budget. Nach der Datenerfassung pr\u00e4sentieren wir Ihnen Gestaltungsvorschl\u00e4ge. Sie w\u00e4hlen aus, was Ihnen am besten gef\u00e4llt, und wir k\u00fcmmern uns um den Rest. Unser Ziel ist Ihre volle Zufriedenheit und die Betonung der Sch\u00f6nheit Ihres Interieurs.<\/p>\n    \n<\/div>\n\n\n<\/div>\n\n\n\n<\/div>\n\n    <\/div>\n  \n<\/div>\n\n    <\/div>\n\n<style>#block_91a1b9eacb6cce65fc19d5d1f3d85dd5 { padding-bottom: 48px;  } @media (min-width: 768px) { #block_91a1b9eacb6cce65fc19d5d1f3d85dd5 { padding-bottom: 72px;  }} @media (min-width: 992px) { #block_91a1b9eacb6cce65fc19d5d1f3d85dd5 { padding-bottom: 96px;  }} @media (min-width: 1200px) { #block_91a1b9eacb6cce65fc19d5d1f3d85dd5 { padding-bottom: 108px;  }} @media (min-width: 1500px) { #block_91a1b9eacb6cce65fc19d5d1f3d85dd5 { padding-bottom: 120px;  }} <\/style><\/div>\n\n\n      <div id=\"block_82fe5ffd5ddc22079183cbbcf662a0c9\" class=\"b-contact-form-map skip-lazy alignfull l-block\">\n  \n  \n    <section class=\"b-contact-form-map__inner\">\n        <div class=\"container-fluid container-switcher\">\n            <div class=\"b-contact-form-map__wrapper\">\n                <div class=\"row row-switcher\">\n                    <div class=\"col-lg-6 d-flex justify-content-lg-end\">\n                        <div class=\"b-contact-form-map__content\">\n                                                            <h6 class=\"b-contact-form-map__subtitle wow fadeInUp\">Schreib uns<\/h6>\n                                                                                        <h2 class=\"b-contact-form-map__title wow fadeInUp\">Kontaktiere uns<\/h2>\n                                                                                        <!-- HTML Forms v1.6.3 - https:\/\/wordpress.org\/plugins\/html-forms\/ -->\n<form method=\"post\" class=\"hf-form hf-form-3777 \" data-id=\"3777\" data-title=\"Contact Form German\" data-slug=\"contact-form-german\" data-message-success=\"Danke! Wir werden uns bald bei Ihnen melden.\" data-message-invalid-email=\"Entschuldigung, diese E-Mail-Adresse scheint ung\u00fcltig zu sein.\" data-message-required-field-missing=\"Bitte f\u00fcllen Sie die Pflichtfelder aus.\" data-message-error=\"Ups. Ein Fehler ist aufgetreten.\" data-message-recaptcha-failed=\"reCAPTCHA verification failed. Please try again.\" data-message-recaptcha-low-score=\"Your submission appears to be spam. Please try again.\"><input type=\"hidden\" name=\"_hf_form_id\" value=\"3777\"><div style=\"display: none;\"><input type=\"text\" name=\"_hf_h3777\" value><\/div><div class=\"hf-fields-wrap\"><div id=\"contact-form\" class=\"b-contact-form-map__form-items mt-4 mt-md-0\">\n    <div class=\"row g-4\">\n        <div class=\"col-lg-6 wow fadeInUp\">\n            <div class=\"form-clt\">\n                <input type=\"text\" name=\"NAME\" id=\"name\" placeholder=\"Vorname\">\n            <\/div>\n        <\/div>\n        <div class=\"col-lg-6 wow fadeInUp\">\n            <div class=\"form-clt\">\n                <input type=\"email\" name=\"EMAIL\" id=\"email\" placeholder=\"E-Mail *\" required>\n            <\/div>\n        <\/div>\n        <div class=\"col-lg-6 wow fadeInUp\">\n            <div class=\"form-clt\">\n                <input type=\"text\" name=\"PHONE\" id=\"number\" placeholder=\"Telefonnumer\">\n            <\/div>\n        <\/div>\n        <div class=\"col-lg-6 wow fadeInUp\">\n            <div class=\"form-clt\">\n                <select name=\"SUBJECT\" id=\"subject\" required>\n                    <option value disabled selected>W\u00e4hlen Sie ein Thema *<\/option>\n                    <option value=\"Ma\u00dfgefertigte K\u00fcchen\">Ma\u00dfgefertigte K\u00fcchen<\/option>\n                    <option value=\"Ma\u00dfgefertigte M\u00f6bel\">Ma\u00dfgefertigte M\u00f6bel<\/option>\n                    <option value=\"Ma\u00dfgefertigte Treppen\">Ma\u00dfgefertigte Treppen<\/option>\n                    <option value=\"Innenraumdesign\">Innenraumdesign<\/option>\n                    <option value=\"Andere\">Andere<\/option>\n                <\/select>\n            <\/div>\n        <\/div>\n        <div class=\"col-lg-12 wow fadeInUp\">\n            <div class=\"form-clt\">\n                <textarea name=\"MESSAGE\" id=\"message\" placeholder=\"Nachricht *\" required><\/textarea>\n            <\/div>\n        <\/div>\n      \t<div class=\"col-lg-12 wow fadeInUp\">\n            <div class=\"g-recaptcha\" data-sitekey=\"6LehdegrAAAAALdDiCVLh4wHZYyuXmb0Qdw_HWpJ\"><\/div>\n      \t    <span id=\"recaptcha-error-message\"><\/span>\n        <\/div>\n        <div class=\"col-lg-7 wow fadeInUp mb-2\">\n            <button type=\"submit\" class=\"theme-btn padding-style\">\n                Senden\n            <\/button>\n        <\/div>\n      \t<div class=\"col-lg-12 wow fadeInUp mt-4\">\n          \t<span>* &#8211; erforderlich<\/span>\n      \t<\/div>\n    <\/div>\n<\/div>\n\n<script src=\"https:\/\/www.google.com\/recaptcha\/api.js\" async defer><\/script>\n<script>\n\tconst form = document.querySelector(\".hf-form\");\n\tconst recaptchaMessage = document.querySelector(\"#recaptcha-error-message\");\n \t \n    const handleSubmit = (e) => {\n    \t const response = grecaptcha.getResponse();\n         \n      \t if (response.length === 0) {\n         \te.preventDefault();\n            recaptchaMessage.innerText = 'reCAPTCHA ist erforderlich!';\n           \n            return false;\n         }\n      \n         recaptchaMessage.innerText = '';\n         return true;\n    }\n    \n    form.addEventListener('submit', handleSubmit);\n    \n    function cleanup() {\n    \tif (form) {\n        \tform.removeEventListener('submit', handleSubmit);\n        }\n    }\n  \n  \twindow.addEventListener('beforeunload', cleanup);\n<\/script><noscript>Damit dieses Formular funktioniert bitte JavaScript aktivieren.<\/noscript><\/div><\/form><!-- \/ HTML Forms -->                                                    <\/div>\n                    <\/div>\n                    <div class=\"col-lg-6\">\n                        <div class=\"b-contact-form-map__map\">\n                                                            <div class=\"google-maps\">\n                                    <div class=\"acf-map\">\n                                                                                <div class=\"marker\" data-lat=\"53.3516573\" data-lng=\"15.0088703\">\n                                                                                            <h4 style=\"margin-bottom: 10px;\">InaStudio<\/h4>\n<p>Uslugowa Stra\u00dfe 10\/Halle 6,<br>\n73-110 Stargard<\/p>\n                                                                                    <\/div>\n                                    <\/div>\n\n                                    <script src=\"https:\/\/maps.googleapis.com\/maps\/api\/js?key=AIzaSyAiQEn3sWC7wcwA4HhuOajOKj4h4YX3Kos\"><\/script>\n                                    <script>\n                                        (function($) {\n\n                                            \/*\n                                             *  new_map\n                                             *  This function will render a Google Map onto the selected jQuery element\n                                             *\/\n\n                                            function new_map($el) {\n\n                                                \/\/ var\n                                                var $markers = $el.find('.marker');\n\n                                                \/\/ vars\n                                                var args = {\n                                                    zoom: 14,\n                                                    center: new google.maps.LatLng(0, 0),\n                                                    mapTypeId: google.maps.MapTypeId.ROADMAP,\n                                                    zoomControl: true,\n                                                    mapTypeControl: false,\n                                                    scaleControl: false,\n                                                    streetViewControl: false,\n                                                    rotateControl: false,\n                                                    fullscreenControl: false,\n                                                    styles: [{\n                                                            \"featureType\": \"water\",\n                                                            \"elementType\": \"geometry\",\n                                                            \"stylers\": [{\n                                                                    \"color\": \"#e9e9e9\"\n                                                                },\n                                                                {\n                                                                    \"lightness\": 17\n                                                                }\n                                                            ]\n                                                        },\n                                                        {\n                                                            \"featureType\": \"landscape\",\n                                                            \"elementType\": \"geometry\",\n                                                            \"stylers\": [{\n                                                                    \"color\": \"#f5f5f5\"\n                                                                },\n                                                                {\n                                                                    \"lightness\": 20\n                                                                }\n                                                            ]\n                                                        },\n                                                        {\n                                                            \"featureType\": \"road.highway\",\n                                                            \"elementType\": \"geometry.fill\",\n                                                            \"stylers\": [{\n                                                                    \"color\": \"#ffffff\"\n                                                                },\n                                                                {\n                                                                    \"lightness\": 17\n                                                                }\n                                                            ]\n                                                        },\n                                                        {\n                                                            \"featureType\": \"road.highway\",\n                                                            \"elementType\": \"geometry.stroke\",\n                                                            \"stylers\": [{\n                                                                    \"color\": \"#ffffff\"\n                                                                },\n                                                                {\n                                                                    \"lightness\": 29\n                                                                },\n                                                                {\n                                                                    \"weight\": 0.2\n                                                                }\n                                                            ]\n                                                        },\n                                                        {\n                                                            \"featureType\": \"road.arterial\",\n                                                            \"elementType\": \"geometry\",\n                                                            \"stylers\": [{\n                                                                    \"color\": \"#ffffff\"\n                                                                },\n                                                                {\n                                                                    \"lightness\": 18\n                                                                }\n                                                            ]\n                                                        },\n                                                        {\n                                                            \"featureType\": \"road.local\",\n                                                            \"elementType\": \"geometry\",\n                                                            \"stylers\": [{\n                                                                    \"color\": \"#ffffff\"\n                                                                },\n                                                                {\n                                                                    \"lightness\": 16\n                                                                }\n                                                            ]\n                                                        },\n                                                        {\n                                                            \"featureType\": \"poi\",\n                                                            \"elementType\": \"geometry\",\n                                                            \"stylers\": [{\n                                                                    \"color\": \"#f5f5f5\"\n                                                                },\n                                                                {\n                                                                    \"lightness\": 21\n                                                                }\n                                                            ]\n                                                        },\n                                                        {\n                                                            \"featureType\": \"poi.park\",\n                                                            \"elementType\": \"geometry\",\n                                                            \"stylers\": [{\n                                                                    \"color\": \"#dedede\"\n                                                                },\n                                                                {\n                                                                    \"lightness\": 21\n                                                                }\n                                                            ]\n                                                        },\n                                                        {\n                                                            \"elementType\": \"labels.text.stroke\",\n                                                            \"stylers\": [{\n                                                                    \"visibility\": \"on\"\n                                                                },\n                                                                {\n                                                                    \"color\": \"#ffffff\"\n                                                                },\n                                                                {\n                                                                    \"lightness\": 16\n                                                                }\n                                                            ]\n                                                        },\n                                                        {\n                                                            \"elementType\": \"labels.text.fill\",\n                                                            \"stylers\": [{\n                                                                    \"saturation\": 36\n                                                                },\n                                                                {\n                                                                    \"color\": \"#333333\"\n                                                                },\n                                                                {\n                                                                    \"lightness\": 40\n                                                                }\n                                                            ]\n                                                        },\n                                                        {\n                                                            \"elementType\": \"labels.icon\",\n                                                            \"stylers\": [{\n                                                                \"visibility\": \"off\"\n                                                            }]\n                                                        },\n                                                        {\n                                                            \"featureType\": \"transit\",\n                                                            \"elementType\": \"geometry\",\n                                                            \"stylers\": [{\n                                                                    \"color\": \"#f2f2f2\"\n                                                                },\n                                                                {\n                                                                    \"lightness\": 19\n                                                                }\n                                                            ]\n                                                        },\n                                                        {\n                                                            \"featureType\": \"administrative\",\n                                                            \"elementType\": \"geometry.fill\",\n                                                            \"stylers\": [{\n                                                                    \"color\": \"#fefefe\"\n                                                                },\n                                                                {\n                                                                    \"lightness\": 20\n                                                                }\n                                                            ]\n                                                        },\n                                                        {\n                                                            \"featureType\": \"administrative\",\n                                                            \"elementType\": \"geometry.stroke\",\n                                                            \"stylers\": [{\n                                                                    \"color\": \"#fefefe\"\n                                                                },\n                                                                {\n                                                                    \"lightness\": 17\n                                                                },\n                                                                {\n                                                                    \"weight\": 1.2\n                                                                }\n                                                            ]\n                                                        }\n                                                    ]\n                                                };\n\n                                                \/\/ create map\n                                                var map = new google.maps.Map($el[0], args);\n\n                                                \/\/ add a markers reference\n                                                map.markers = [];\n\n                                                \/\/ add markers\n                                                $markers.each(function() {\n\n                                                    add_marker($(this), map);\n\n                                                });\n\n                                                \/\/ center map\n                                                center_map(map);\n\n                                                \/\/ return\n                                                return map;\n\n                                            }\n\n                                            \/\/ add_marker\n                                            function add_marker($marker, map) {\n\n                                                \/\/ var\n                                                var latlng = new google.maps.LatLng($marker.attr('data-lat'), $marker.attr('data-lng'));\n\n                                                \/\/ create marker\n                                                var image = {\n                                                                                                            url: \"https:\/\/inastudio.pl\/wp-content\/uploads\/2025\/03\/map-marker.png\",\n                                                                                                                                                                scaledSize: new google.maps.Size(64, 64),\n                                                                                                    };\n                                                var marker = new google.maps.Marker({\n                                                    position: latlng,\n                                                    map: map,\n                                                    icon: image,\n                                                    scaledSize: new google.maps.Size(50, 50),\n                                                });\n\n                                                \/\/ marker animation\n                                                marker.setAnimation(google.maps.Animation.BOUNCE);\n                                                setTimeout(function() {\n                                                    marker.setAnimation(null);\n                                                }, 1400);\n\n                                                \/\/ add to array\n                                                map.markers.push(marker);\n\n                                                \/\/ if marker contains HTML, add it to an infoWindow\n                                                if ($marker.html()) {\n                                                    \/\/ create info window\n                                                    var infowindow = new google.maps.InfoWindow({\n                                                        content: $marker.html()\n                                                    });\n\n                                                    \/\/ Reopen info window when marker is clicked\n                                                    marker.addListener('click', function() {\n                                                        if (infowindow.getMap()) {\n                                                            infowindow.close();\n                                                        } else {\n                                                                                                                            infowindow.open(map, marker);\n                                                                                                                    }\n                                                    });\n\n                                                }\n                                            }\n\n                                            \/\/ center_map\n                                            function center_map(map) {\n\n                                                \/\/ vars\n                                                var bounds = new google.maps.LatLngBounds();\n\n                                                \/\/ loop through all markers and create bounds\n                                                $.each(map.markers, function(i, marker) {\n\n                                                    var latlng = new google.maps.LatLng(marker.position.lat(), marker.position.lng());\n\n                                                    bounds.extend(latlng);\n\n                                                });\n\n                                                \/\/ only 1 marker?\n                                                if (map.markers.length == 1) {\n                                                    \/\/ set center of map\n                                                    map.setCenter(bounds.getCenter());\n                                                    map.setZoom(15);\n                                                } else {\n                                                    \/\/ fit to bounds\n                                                    map.fitBounds(bounds);\n                                                }\n\n                                            }\n\n                                            \/*\n                                             *  document ready\n                                             *  This function will render each map when the document is ready (page has loaded)\n                                             *\/\n                                            \/\/ global var\n                                            var map = null;\n\n                                            $(document).ready(function() {\n\n                                                $('.acf-map').each(function() {\n\n                                                    \/\/ create map\n                                                    map = new_map($(this));\n\n                                                });\n\n                                            });\n\n                                        })(jQuery);\n                                    <\/script>\n                                <\/div>\n\n                                                    <\/div>\n                    <\/div>\n                <\/div>\n            <\/div>\n        <\/div>\n    <\/section>\n\n\n<\/div>","protected":false},"excerpt":{"rendered":"","protected":false},"author":3,"featured_media":0,"parent":0,"menu_order":0,"comment_status":"closed","ping_status":"closed","template":"","meta":{"_acf_changed":false,"footnotes":""},"class_list":["post-3642","page","type-page","status-publish",""],"acf":[],"yoast_head":"<!-- This site is optimized with the Yoast SEO plugin v27.0 - https:\/\/yoast.com\/product\/yoast-seo-wordpress\/ -->\n<title>Ma\u00dfgefertigte M\u00f6bel - Ina Studio<\/title>\n<meta name=\"description\" content=\"Ma\u00dfgefertigte M\u00f6bel - K\u00fcchenm\u00f6bel, Einbauschr\u00e4nke und Schr\u00e4nke. Planung, Aufma\u00df, Herstellung und Montage. Rufen Sie an und \u00fcberzeugen Sie sich noch heute!\" \/>\n<meta name=\"robots\" content=\"index, follow, max-snippet:-1, max-image-preview:large, max-video-preview:-1\" \/>\n<link rel=\"canonical\" href=\"https:\/\/inastudio.pl\/de\/massgefertigte-mobel\/\" \/>\n<meta property=\"og:locale\" content=\"de_DE\" \/>\n<meta property=\"og:type\" content=\"article\" \/>\n<meta property=\"og:title\" content=\"Ma\u00dfgefertigte M\u00f6bel - Ina Studio\" \/>\n<meta property=\"og:description\" content=\"Ma\u00dfgefertigte M\u00f6bel - K\u00fcchenm\u00f6bel, Einbauschr\u00e4nke und Schr\u00e4nke. Planung, Aufma\u00df, Herstellung und Montage. Rufen Sie an und \u00fcberzeugen Sie sich noch heute!\" \/>\n<meta property=\"og:url\" content=\"https:\/\/inastudio.pl\/de\/massgefertigte-mobel\/\" \/>\n<meta property=\"og:site_name\" content=\"Ina Studio\" \/>\n<meta property=\"article:publisher\" content=\"https:\/\/www.facebook.com\/Ina.Studio.Stargard\" \/>\n<meta property=\"article:modified_time\" content=\"2025-10-14T14:24:24+00:00\" \/>\n<meta property=\"og:image\" content=\"https:\/\/inastudio.pl\/wp-content\/uploads\/2025\/04\/umow-sie-na-spotkanie-1.webp\" \/>\n\t<meta property=\"og:image:width\" content=\"1200\" \/>\n\t<meta property=\"og:image:height\" content=\"986\" \/>\n\t<meta property=\"og:image:type\" content=\"image\/webp\" \/>\n<meta name=\"twitter:card\" content=\"summary_large_image\" \/>\n<script type=\"application\/ld+json\" class=\"yoast-schema-graph\">{\"@context\":\"https:\/\/schema.org\",\"@graph\":[{\"@type\":\"WebPage\",\"@id\":\"https:\/\/inastudio.pl\/de\/massgefertigte-mobel\/\",\"url\":\"https:\/\/inastudio.pl\/de\/massgefertigte-mobel\/\",\"name\":\"Ma\u00dfgefertigte M\u00f6bel - Ina Studio\",\"isPartOf\":{\"@id\":\"https:\/\/inastudio.pl\/de\/#website\"},\"datePublished\":\"2025-07-09T11:42:54+00:00\",\"dateModified\":\"2025-10-14T14:24:24+00:00\",\"description\":\"Ma\u00dfgefertigte M\u00f6bel - K\u00fcchenm\u00f6bel, Einbauschr\u00e4nke und Schr\u00e4nke. Planung, Aufma\u00df, Herstellung und Montage. Rufen Sie an und \u00fcberzeugen Sie sich noch heute!\",\"breadcrumb\":{\"@id\":\"https:\/\/inastudio.pl\/de\/massgefertigte-mobel\/#breadcrumb\"},\"inLanguage\":\"de\",\"potentialAction\":[{\"@type\":\"ReadAction\",\"target\":[\"https:\/\/inastudio.pl\/de\/massgefertigte-mobel\/\"]}]},{\"@type\":\"BreadcrumbList\",\"@id\":\"https:\/\/inastudio.pl\/de\/massgefertigte-mobel\/#breadcrumb\",\"itemListElement\":[{\"@type\":\"ListItem\",\"position\":1,\"name\":\"Ina Studio\",\"item\":\"https:\/\/inastudio.pl\/de\/\"},{\"@type\":\"ListItem\",\"position\":2,\"name\":\"Ma\u00dfgefertigte M\u00f6bel\"}]},{\"@type\":\"WebSite\",\"@id\":\"https:\/\/inastudio.pl\/de\/#website\",\"url\":\"https:\/\/inastudio.pl\/de\/\",\"name\":\"Ina Studio\",\"description\":\"Ina Studio\",\"publisher\":{\"@id\":\"https:\/\/inastudio.pl\/de\/#organization\"},\"alternateName\":\"Ina Studio\",\"potentialAction\":[{\"@type\":\"SearchAction\",\"target\":{\"@type\":\"EntryPoint\",\"urlTemplate\":\"https:\/\/inastudio.pl\/de\/?s={search_term_string}\"},\"query-input\":{\"@type\":\"PropertyValueSpecification\",\"valueRequired\":true,\"valueName\":\"search_term_string\"}}],\"inLanguage\":\"de\"},{\"@type\":\"Organization\",\"@id\":\"https:\/\/inastudio.pl\/de\/#organization\",\"name\":\"Ina Studio\",\"url\":\"https:\/\/inastudio.pl\/de\/\",\"logo\":{\"@type\":\"ImageObject\",\"inLanguage\":\"de\",\"@id\":\"https:\/\/inastudio.pl\/de\/#\/schema\/logo\/image\/\",\"url\":\"https:\/\/inastudio.pl\/wp-content\/uploads\/2025\/03\/logo-white.svg\",\"contentUrl\":\"https:\/\/inastudio.pl\/wp-content\/uploads\/2025\/03\/logo-white.svg\",\"width\":82,\"height\":55,\"caption\":\"Ina Studio\"},\"image\":{\"@id\":\"https:\/\/inastudio.pl\/de\/#\/schema\/logo\/image\/\"},\"sameAs\":[\"https:\/\/www.facebook.com\/Ina.Studio.Stargard\"]}]}<\/script>\n<!-- \/ Yoast SEO plugin. -->","yoast_head_json":{"title":"Ma\u00dfgefertigte M\u00f6bel - Ina Studio","description":"Ma\u00dfgefertigte M\u00f6bel - K\u00fcchenm\u00f6bel, Einbauschr\u00e4nke und Schr\u00e4nke. Planung, Aufma\u00df, Herstellung und Montage. Rufen Sie an und \u00fcberzeugen Sie sich noch heute!","robots":{"index":"index","follow":"follow","max-snippet":"max-snippet:-1","max-image-preview":"max-image-preview:large","max-video-preview":"max-video-preview:-1"},"canonical":"https:\/\/inastudio.pl\/de\/massgefertigte-mobel\/","og_locale":"de_DE","og_type":"article","og_title":"Ma\u00dfgefertigte M\u00f6bel - Ina Studio","og_description":"Ma\u00dfgefertigte M\u00f6bel - K\u00fcchenm\u00f6bel, Einbauschr\u00e4nke und Schr\u00e4nke. Planung, Aufma\u00df, Herstellung und Montage. Rufen Sie an und \u00fcberzeugen Sie sich noch heute!","og_url":"https:\/\/inastudio.pl\/de\/massgefertigte-mobel\/","og_site_name":"Ina Studio","article_publisher":"https:\/\/www.facebook.com\/Ina.Studio.Stargard","article_modified_time":"2025-10-14T14:24:24+00:00","og_image":[{"width":1200,"height":986,"url":"https:\/\/inastudio.pl\/wp-content\/uploads\/2025\/04\/umow-sie-na-spotkanie-1.webp","type":"image\/webp"}],"twitter_card":"summary_large_image","schema":{"@context":"https:\/\/schema.org","@graph":[{"@type":"WebPage","@id":"https:\/\/inastudio.pl\/de\/massgefertigte-mobel\/","url":"https:\/\/inastudio.pl\/de\/massgefertigte-mobel\/","name":"Ma\u00dfgefertigte M\u00f6bel - Ina Studio","isPartOf":{"@id":"https:\/\/inastudio.pl\/de\/#website"},"datePublished":"2025-07-09T11:42:54+00:00","dateModified":"2025-10-14T14:24:24+00:00","description":"Ma\u00dfgefertigte M\u00f6bel - K\u00fcchenm\u00f6bel, Einbauschr\u00e4nke und Schr\u00e4nke. Planung, Aufma\u00df, Herstellung und Montage. Rufen Sie an und \u00fcberzeugen Sie sich noch heute!","breadcrumb":{"@id":"https:\/\/inastudio.pl\/de\/massgefertigte-mobel\/#breadcrumb"},"inLanguage":"de","potentialAction":[{"@type":"ReadAction","target":["https:\/\/inastudio.pl\/de\/massgefertigte-mobel\/"]}]},{"@type":"BreadcrumbList","@id":"https:\/\/inastudio.pl\/de\/massgefertigte-mobel\/#breadcrumb","itemListElement":[{"@type":"ListItem","position":1,"name":"Ina Studio","item":"https:\/\/inastudio.pl\/de\/"},{"@type":"ListItem","position":2,"name":"Ma\u00dfgefertigte M\u00f6bel"}]},{"@type":"WebSite","@id":"https:\/\/inastudio.pl\/de\/#website","url":"https:\/\/inastudio.pl\/de\/","name":"Ina Studio","description":"Ina Studio","publisher":{"@id":"https:\/\/inastudio.pl\/de\/#organization"},"alternateName":"Ina Studio","potentialAction":[{"@type":"SearchAction","target":{"@type":"EntryPoint","urlTemplate":"https:\/\/inastudio.pl\/de\/?s={search_term_string}"},"query-input":{"@type":"PropertyValueSpecification","valueRequired":true,"valueName":"search_term_string"}}],"inLanguage":"de"},{"@type":"Organization","@id":"https:\/\/inastudio.pl\/de\/#organization","name":"Ina Studio","url":"https:\/\/inastudio.pl\/de\/","logo":{"@type":"ImageObject","inLanguage":"de","@id":"https:\/\/inastudio.pl\/de\/#\/schema\/logo\/image\/","url":"https:\/\/inastudio.pl\/wp-content\/uploads\/2025\/03\/logo-white.svg","contentUrl":"https:\/\/inastudio.pl\/wp-content\/uploads\/2025\/03\/logo-white.svg","width":82,"height":55,"caption":"Ina Studio"},"image":{"@id":"https:\/\/inastudio.pl\/de\/#\/schema\/logo\/image\/"},"sameAs":["https:\/\/www.facebook.com\/Ina.Studio.Stargard"]}]}},"_links":{"self":[{"href":"https:\/\/inastudio.pl\/de\/wp-json\/wp\/v2\/pages\/3642","targetHints":{"allow":["GET"]}}],"collection":[{"href":"https:\/\/inastudio.pl\/de\/wp-json\/wp\/v2\/pages"}],"about":[{"href":"https:\/\/inastudio.pl\/de\/wp-json\/wp\/v2\/types\/page"}],"author":[{"embeddable":true,"href":"https:\/\/inastudio.pl\/de\/wp-json\/wp\/v2\/users\/3"}],"replies":[{"embeddable":true,"href":"https:\/\/inastudio.pl\/de\/wp-json\/wp\/v2\/comments?post=3642"}],"version-history":[{"count":1,"href":"https:\/\/inastudio.pl\/de\/wp-json\/wp\/v2\/pages\/3642\/revisions"}],"predecessor-version":[{"id":3645,"href":"https:\/\/inastudio.pl\/de\/wp-json\/wp\/v2\/pages\/3642\/revisions\/3645"}],"wp:attachment":[{"href":"https:\/\/inastudio.pl\/de\/wp-json\/wp\/v2\/media?parent=3642"}],"curies":[{"name":"wp","href":"https:\/\/api.w.org\/{rel}","templated":true}]}}